{"id":340,"date":"2021-02-24T18:01:51","date_gmt":"2021-02-24T17:01:51","guid":{"rendered":"http:\/\/edinsbegravningsbyra.se\/?page_id=340"},"modified":"2026-08-27T16:51:40","modified_gmt":"2026-08-27T14:51:40","slug":"sang-musik","status":"publish","type":"page","link":"https:\/\/edinsbegravningsbyra.se\/index.php\/sang-musik\/","title":{"rendered":"Musik och solister"},"content":{"rendered":"\t\t<div data-elementor-type=\"wp-page\" data-elementor-id=\"340\" class=\"elementor elementor-340\" data-elementor-post-type=\"page\">\n\t\t\t\t\t\t<section class=\"elementor-section elementor-top-section elementor-element elementor-element-655a9478 elementor-section-boxed elementor-section-height-default elementor-section-height-default\" data-id=\"655a9478\" data-element_type=\"section\" data-settings=\"{&quot;background_background&quot;:&quot;classic&quot;}\">\n\t\t\t\t\t\t\t<div class=\"elementor-background-overlay\"><\/div>\n\t\t\t\t\t\t\t<div class=\"elementor-container elementor-column-gap-default\">\n\t\t\t\t\t<div class=\"elementor-column elementor-col-100 elementor-top-column elementor-element elementor-element-4284b229\" data-id=\"4284b229\" data-element_type=\"column\">\n\t\t\t<div class=\"elementor-widget-wrap elementor-element-populated\">\n\t\t\t\t\t\t<div class=\"elementor-element elementor-element-6358659d elementor-widget elementor-widget-heading\" data-id=\"6358659d\" data-element_type=\"widget\" data-widget_type=\"heading.default\">\n\t\t\t\t<div class=\"elementor-widget-container\">\n\t\t\t\t\t<h1 class=\"elementor-heading-title elementor-size-default\">Musik och solister<\/h1>\t\t\t\t<\/div>\n\t\t\t\t<\/div>\n\t\t\t\t\t<\/div>\n\t\t<\/div>\n\t\t\t\t\t<\/div>\n\t\t<\/section>\n\t\t\t\t<section class=\"elementor-section elementor-top-section elementor-element elementor-element-0c0b4a4 elementor-section-boxed elementor-section-height-default elementor-section-height-default\" data-id=\"0c0b4a4\" data-element_type=\"section\">\n\t\t\t\t\t\t<div class=\"elementor-container elementor-column-gap-default\">\n\t\t\t\t\t<div class=\"elementor-column elementor-col-100 elementor-top-column elementor-element elementor-element-0ff495c\" data-id=\"0ff495c\" data-element_type=\"column\">\n\t\t\t<div class=\"elementor-widget-wrap elementor-element-populated\">\n\t\t\t\t\t\t<div class=\"elementor-element elementor-element-abb83ef elementor-widget elementor-widget-text-editor\" data-id=\"abb83ef\" data-element_type=\"widget\" data-widget_type=\"text-editor.default\">\n\t\t\t\t<div class=\"elementor-widget-container\">\n\t\t\t\t\t\t\t\t\t<p style=\"margin: 0cm; font-size: 12pt; font-family: 'Times New Roman', serif; color: #000000; background-image: initial; background-position: initial; background-size: initial; background-repeat: initial; background-attachment: initial; background-origin: initial; background-clip: initial; text-align: center;\"><span style=\"font-size: 14pt; font-family: Palatino; color: #090909;\">S\u00e5ng och musik \u00e4r ett spr\u00e5k i sig som kan framkalla minnen<\/span><\/p><p style=\"margin: 0cm; font-size: 12pt; font-family: 'Times New Roman', serif; color: #000000; background-image: initial; background-position: initial; background-size: initial; background-repeat: initial; background-attachment: initial; background-origin: initial; background-clip: initial; text-align: center;\"><span style=\"font-size: 14pt; font-family: Palatino; color: #090909;\">och k\u00e4nslor och ta vid<\/span><\/p><p style=\"margin: 0cm; font-size: 12pt; font-family: 'Times New Roman', serif; color: #000000; background-image: initial; background-position: initial; background-size: initial; background-repeat: initial; background-attachment: initial; background-origin: initial; background-clip: initial; text-align: center;\"><span style=\"font-size: 14pt; font-family: Palatino; color: #090909;\">d\u00e4r orden tar slut.<\/span><\/p><p style=\"margin: 0cm; font-size: 12pt; font-family: 'Times New Roman', serif; color: #000000; background-image: initial; background-position: initial; background-size: initial; background-repeat: initial; background-attachment: initial; background-origin: initial; background-clip: initial; text-align: center;\"><span style=\"font-size: 14pt; font-family: Palatino; color: #090909;\">De kan ocks\u00e5 bidra till att ge tr\u00f6st och \u00e4r d\u00e4rf\u00f6r viktiga i samband<\/span><\/p><p style=\"margin: 0cm; font-size: 12pt; font-family: 'Times New Roman', serif; color: #000000; background-image: initial; background-position: initial; background-size: initial; background-repeat: initial; background-attachment: initial; background-origin: initial; background-clip: initial; text-align: center;\"><span style=\"font-size: 14pt; font-family: Palatino; color: #090909;\">med en begravning.<\/span><\/p><p style=\"margin: 0cm; font-size: 12pt; font-family: 'Times New Roman', serif; color: #000000; background-image: initial; background-position: initial; background-size: initial; background-repeat: initial; background-attachment: initial; background-origin: initial; background-clip: initial; text-align: center;\"><span style=\"font-size: 14pt; font-family: Palatino; color: #090909;\">F\u00f6rutom inledande och avslutande musik, samt vid kyrklig begravning psalmer, f\u00f6rekommer ofta s\u00e5ng\u00a0<\/span><span style=\"color: #090909; font-family: Palatino; font-size: 14pt;\">och musik av en solist.<\/span><\/p><p style=\"margin: 0cm; font-size: 12pt; font-family: 'Times New Roman', serif; color: #000000; background-image: initial; background-position: initial; background-size: initial; background-repeat: initial; background-attachment: initial; background-origin: initial; background-clip: initial; text-align: center;\"><span style=\"font-size: 14pt; font-family: Palatino; color: #090909;\">\u00a0<\/span><\/p><p style=\"margin: 0cm; font-size: 12pt; font-family: 'Times New Roman', serif; color: #000000; background-image: initial; background-position: initial; background-size: initial; background-repeat: initial; background-attachment: initial; background-origin: initial; background-clip: initial; text-align: center;\"><span style=\"font-size: 14pt; font-family: Palatino; color: #090909;\">Vi hj\u00e4lper dig g\u00e4rna med att ordna en solist och h\u00e4r nedanf\u00f6r f\u00e5r du f\u00f6rslag<\/span><\/p><p style=\"margin: 0cm; font-size: 12pt; font-family: 'Times New Roman', serif; color: #000000; background-image: initial; background-position: initial; background-size: initial; background-repeat: initial; background-attachment: initial; background-origin: initial; background-clip: initial; text-align: center;\"><span style=\"font-size: 14pt; font-family: Palatino; color: #090909;\">p\u00e5 n\u00e5gra av dessa\u00a0<\/span><span style=\"color: #090909; font-family: Palatino; font-size: 14pt;\">vi samarbetar med och rekommenderar.<\/span><\/p><p>\u00a0<\/p><p style=\"margin: 0cm; font-size: 12pt; font-family: 'Times New Roman', serif; color: #000000; background-image: initial; background-position: initial; background-size: initial; background-repeat: initial; background-attachment: initial; background-origin: initial; background-clip: initial; text-align: center;\"><span style=\"font-size: 14pt; font-family: Palatino; color: #090909;\">\u00a0<\/span><\/p><p style=\"margin: 0cm; font-size: 12pt; font-family: 'Times New Roman', serif; color: #000000; background-image: initial; background-position: initial; background-size: initial; background-repeat: initial; background-attachment: initial; background-origin: initial; background-clip: initial; text-align: center;\"><span style=\"font-size: 14pt; font-family: Palatino; color: #090909;\">Samtliga av dessa \u00e4r frist\u00e5ende akt\u00f6rer.<\/span><\/p><p style=\"margin: 0cm; font-size: 12pt; font-family: 'Times New Roman', serif; color: #000000; background-image: initial; background-position: initial; background-size: initial; background-repeat: initial; background-attachment: initial; background-origin: initial; background-clip: initial; text-align: center;\"><span style=\"font-size: 14pt; font-family: Palatino; color: #090909;\">\u00a0<\/span><\/p><p style=\"margin: 0cm; font-size: 12pt; font-family: 'Times New Roman', serif; color: #000000; background-image: initial; background-position: initial; background-size: initial; background-repeat: initial; background-attachment: initial; background-origin: initial; background-clip: initial; text-align: center;\"><span style=\"font-size: 14pt; font-family: Palatino; color: #090909;\">Har du andra \u00f6nskem\u00e5l<\/span><\/p><p style=\"margin: 0cm; font-size: 12pt; font-family: 'Times New Roman', serif; color: #000000; background-image: initial; background-position: initial; background-size: initial; background-repeat: initial; background-attachment: initial; background-origin: initial; background-clip: initial; text-align: center;\"><span style=\"font-size: 14pt; font-family: Palatino; color: #090909;\">lyssnar vi in dem och hj\u00e4lper dig<\/span><\/p><p style=\"margin: 0cm; font-size: 12pt; font-family: 'Times New Roman', serif; color: #000000; background-image: initial; background-position: initial; background-size: initial; background-repeat: initial; background-attachment: initial; background-origin: initial; background-clip: initial; text-align: center;\"><span style=\"font-size: 14pt; font-family: Palatino; color: #090909;\">med att komma i kontakt med<\/span><\/p><p style=\"margin: 0cm; font-size: 12pt; font-family: 'Times New Roman', serif; color: #000000; background-image: initial; background-position: initial; background-size: initial; background-repeat: initial; background-attachment: initial; background-origin: initial; background-clip: initial; text-align: center;\"><span style=\"font-size: 14pt; font-family: Palatino; color: #090909;\">en passande solist.<\/span><\/p><p style=\"margin: 0cm; font-size: 12pt; font-family: 'Times New Roman', serif; color: #000000; background-image: initial; background-position: initial; background-size: initial; background-repeat: initial; background-attachment: initial; background-origin: initial; background-clip: initial; text-align: center;\"><b><span style=\"font-size: 14pt; font-family: Palatino; color: #090909;\">\u00a0<\/span><\/b><\/p><p style=\"margin: 0cm; font-size: 12pt; font-family: 'Times New Roman', serif; color: #000000; background-image: initial; background-position: initial; background-size: initial; background-repeat: initial; background-attachment: initial; background-origin: initial; background-clip: initial; text-align: center;\"><b><span style=\"font-size: 14pt; font-family: Palatino; color: #090909;\">Kostnaden<\/span><\/b><span style=\"font-size: 14pt; font-family: Palatino; color: #090909;\"> f\u00f6r solist varierar,<\/span><\/p><p style=\"margin: 0cm; font-size: 12pt; font-family: 'Times New Roman', serif; color: #000000; background-image: initial; background-position: initial; background-size: initial; background-repeat: initial; background-attachment: initial; background-origin: initial; background-clip: initial; text-align: center;\"><span style=\"font-size: 14pt; font-family: Palatino; color: #090909;\">men <b>ligger ofta mellan 2500:- \u2013 4000:-.<\/b><\/span><\/p><p style=\"margin: 0cm; font-size: 12pt; font-family: 'Times New Roman', serif; color: #000000; background-image: initial; background-position: initial; background-size: initial; background-repeat: initial; background-attachment: initial; background-origin: initial; background-clip: initial; text-align: center;\"><span style=\"font-size: 14pt; font-family: Palatino; color: #090909;\"><b>\u00a0<\/b><\/span><\/p><p style=\"margin: 0cm; font-size: 12pt; font-family: 'Times New Roman', serif; color: #000000; background-image: initial; background-position: initial; background-size: initial; background-repeat: initial; background-attachment: initial; background-origin: initial; background-clip: initial; text-align: center;\"><span style=\"font-size: 14pt; font-family: Palatino; color: #090909;\"><b>__________________________________<\/b><\/span><\/p><p style=\"margin: 0cm; font-size: 12pt; font-family: 'Times New Roman', serif; color: #000000; background-image: initial; background-position: initial; background-size: initial; background-repeat: initial; background-attachment: initial; background-origin: initial; background-clip: initial; text-align: center;\"><span style=\"font-size: 14pt; font-family: Palatino; color: #090909;\"><b>\u00a0<\/b><\/span><\/p><p style=\"margin: 0cm; font-size: 12pt; font-family: 'Times New Roman', serif; color: #000000; background-image: initial; background-position: initial; background-size: initial; background-repeat: initial; background-attachment: initial; background-origin: initial; background-clip: initial; text-align: center;\"><span style=\"font-size: 14pt; font-family: Palatino; color: #ff6600;\">Petter Edin, som har grundat begravningsbyr\u00e5n, sjunger ocks\u00e5 och spelar .<\/span><\/p><p style=\"margin: 0cm; font-size: 12pt; font-family: 'Times New Roman', serif; color: #000000; background-image: initial; background-position: initial; background-size: initial; background-repeat: initial; background-attachment: initial; background-origin: initial; background-clip: initial; text-align: center;\"><span style=\"font-size: 14pt; font-family: Palatino; color: #ff6600;\">Det sker oftast till eget gitarrackompanjemang, men kan i vissa fall ocks\u00e5 till pianoackompanjemang.<\/span><\/p><p style=\"margin: 0cm; font-size: 12pt; font-family: 'Times New Roman', serif; color: #000000; background-image: initial; background-position: initial; background-size: initial; background-repeat: initial; background-attachment: initial; background-origin: initial; background-clip: initial; text-align: center;\"><span style=\"font-size: 14pt; font-family: Palatino; color: #ff6600;\">N\u00e4r Petter f\u00e5r ha hand om hela begravningsuppdraget ing\u00e5r, om \u00f6nskan finns, solos\u00e5ngen av honom utan extra kostnad.\u00a0<\/span><\/p><p style=\"margin: 0cm; font-size: 12pt; font-family: 'Times New Roman', serif; color: #000000; background-image: initial; background-position: initial; background-size: initial; background-repeat: initial; background-attachment: initial; background-origin: initial; background-clip: initial; text-align: center;\"><span style=\"font-size: 14pt; font-family: Palatino; color: #ff6600;\">\u00a0<\/span><\/p><p style=\"margin: 0cm; font-size: 12pt; font-family: 'Times New Roman', serif; color: #000000; background-image: initial; background-position: initial; background-size: initial; background-repeat: initial; background-attachment: initial; background-origin: initial; background-clip: initial; text-align: center;\"><span style=\"font-weight: bold; color: #090909; font-family: Palatino; font-size: 18.6667px;\">__________________________________<\/span><\/p>\t\t\t\t\t\t\t\t<\/div>\n\t\t\t\t<\/div>\n\t\t\t\t\t<\/div>\n\t\t<\/div>\n\t\t\t\t\t<\/div>\n\t\t<\/section>\n\t\t\t\t<section class=\"elementor-section elementor-top-section elementor-element elementor-element-2dd3ba3 elementor-section-boxed elementor-section-height-default elementor-section-height-default\" data-id=\"2dd3ba3\" data-element_type=\"section\">\n\t\t\t\t\t\t<div class=\"elementor-container elementor-column-gap-default\">\n\t\t\t\t\t<div class=\"elementor-column elementor-col-50 elementor-top-column elementor-element elementor-element-237a023\" data-id=\"237a023\" data-element_type=\"column\">\n\t\t\t<div class=\"elementor-widget-wrap elementor-element-populated\">\n\t\t\t\t\t\t<div class=\"elementor-element elementor-element-d159105 elementor-widget elementor-widget-image\" data-id=\"d159105\" data-element_type=\"widget\" data-widget_type=\"image.default\">\n\t\t\t\t<div class=\"elementor-widget-container\">\n\t\t\t\t\t\t\t\t\t\t\t\t<figure class=\"wp-caption\">\n\t\t\t\t\t\t\t\t\t\t\t<a href=\"http:\/\/edinsbegravningsbyra.se\/wp-content\/uploads\/2026\/08\/Bild-Ebba.jpg\" data-elementor-open-lightbox=\"yes\" data-elementor-lightbox-title=\"Bild Ebba\" data-e-action-hash=\"#elementor-action%3Aaction%3Dlightbox%26settings%3DeyJpZCI6NDIwNSwidXJsIjoiaHR0cHM6XC9cL2VkaW5zYmVncmF2bmluZ3NieXJhLnNlXC93cC1jb250ZW50XC91cGxvYWRzXC8yMDI2XC8wOFwvQmlsZC1FYmJhLmpwZyJ9\">\n\t\t\t\t\t\t\t<img fetchpriority=\"high\" decoding=\"async\" width=\"186\" height=\"300\" src=\"https:\/\/edinsbegravningsbyra.se\/wp-content\/uploads\/2026\/08\/Bild-Ebba-186x300.jpg\" class=\"attachment-medium size-medium wp-image-4205\" alt=\"\" srcset=\"https:\/\/edinsbegravningsbyra.se\/wp-content\/uploads\/2026\/08\/Bild-Ebba-186x300.jpg 186w, https:\/\/edinsbegravningsbyra.se\/wp-content\/uploads\/2026\/08\/Bild-Ebba.jpg 422w\" sizes=\"(max-width: 186px) 100vw, 186px\" title=\"\">\t\t\t\t\t\t\t\t<\/a>\n\t\t\t\t\t\t\t\t\t\t\t<figcaption class=\"widget-image-caption wp-caption-text\">Ebba Hulebo<\/figcaption>\n\t\t\t\t\t\t\t\t\t\t<\/figure>\n\t\t\t\t\t\t\t\t\t<\/div>\n\t\t\t\t<\/div>\n\t\t\t\t\t<\/div>\n\t\t<\/div>\n\t\t\t\t<div class=\"elementor-column elementor-col-50 elementor-top-column elementor-element elementor-element-2cb6b38\" data-id=\"2cb6b38\" data-element_type=\"column\">\n\t\t\t<div class=\"elementor-widget-wrap elementor-element-populated\">\n\t\t\t\t\t\t<div class=\"elementor-element elementor-element-50d8606 elementor-widget elementor-widget-text-editor\" data-id=\"50d8606\" data-element_type=\"widget\" data-widget_type=\"text-editor.default\">\n\t\t\t\t<div class=\"elementor-widget-container\">\n\t\t\t\t\t\t\t\t\t<audio class=\"wp-audio-shortcode\" id=\"audio-340-1\" preload=\"none\" style=\"width: 100%;\" controls=\"controls\"><source type=\"audio\/mpeg\" src=\"http:\/\/edinsbegravningsbyra.se\/wp-content\/uploads\/2026\/08\/Klippt-version-Epiloge.mp3?_=1\" \/><a href=\"http:\/\/edinsbegravningsbyra.se\/wp-content\/uploads\/2026\/08\/Klippt-version-Epiloge.mp3\">http:\/\/edinsbegravningsbyra.se\/wp-content\/uploads\/2026\/08\/Klippt-version-Epiloge.mp3<\/a><\/audio><p><span style=\"color: #3366ff;\"><strong>Solist f\u00f6r G\u00f6teborgsomr\u00e5det:<\/strong><\/span><\/p><p><span style=\"color: #000000;\">Ebba \u00e4r uppv\u00e4xt i Sm\u00e5landsstenar men bor numera i G\u00f6teborg d\u00e4r hon studerar till musikl\u00e4rare p\u00e5 H\u00f6gskolan f\u00f6r Scen &amp; Musik med s\u00e5ng och improvisation som inriktning. Ebba har sjungit p\u00e5 begravningar f\u00f6rut och har vana att sjunga p\u00e5 liknande tillst\u00e4llningar. Hon sjunger fr\u00e4mst jazz, folkmusik och visor men str\u00e4cker sig bredare \u00e4n s\u00e5 i sin repertoar. Hon vill g\u00e4rna bidra med n\u00e4rvaro och tr\u00f6st i sin s\u00e5ng.<\/span><\/p>\t\t\t\t\t\t\t\t<\/div>\n\t\t\t\t<\/div>\n\t\t\t\t\t<\/div>\n\t\t<\/div>\n\t\t\t\t\t<\/div>\n\t\t<\/section>\n\t\t\t\t<section class=\"elementor-section elementor-top-section elementor-element elementor-element-d02e03a elementor-section-boxed elementor-section-height-default elementor-section-height-default\" data-id=\"d02e03a\" data-element_type=\"section\">\n\t\t\t\t\t\t<div class=\"elementor-container elementor-column-gap-default\">\n\t\t\t\t\t<div class=\"elementor-column elementor-col-50 elementor-top-column elementor-element elementor-element-cbad9e1\" data-id=\"cbad9e1\" data-element_type=\"column\">\n\t\t\t<div class=\"elementor-widget-wrap elementor-element-populated\">\n\t\t\t\t\t\t<div class=\"elementor-element elementor-element-9f695f4 elementor-widget elementor-widget-image\" data-id=\"9f695f4\" data-element_type=\"widget\" data-widget_type=\"image.default\">\n\t\t\t\t<div class=\"elementor-widget-container\">\n\t\t\t\t\t\t\t\t\t\t\t\t<figure class=\"wp-caption\">\n\t\t\t\t\t\t\t\t\t\t<img decoding=\"async\" width=\"203\" height=\"300\" src=\"https:\/\/edinsbegravningsbyra.se\/wp-content\/uploads\/2026\/08\/Bild-Joel-203x300.jpg\" class=\"attachment-medium size-medium wp-image-4206\" alt=\"\" srcset=\"https:\/\/edinsbegravningsbyra.se\/wp-content\/uploads\/2026\/08\/Bild-Joel-203x300.jpg 203w, https:\/\/edinsbegravningsbyra.se\/wp-content\/uploads\/2026\/08\/Bild-Joel.jpg 500w\" sizes=\"(max-width: 203px) 100vw, 203px\" title=\"\">\t\t\t\t\t\t\t\t\t\t\t<figcaption class=\"widget-image-caption wp-caption-text\">Joel Gustafsson<\/figcaption>\n\t\t\t\t\t\t\t\t\t\t<\/figure>\n\t\t\t\t\t\t\t\t\t<\/div>\n\t\t\t\t<\/div>\n\t\t\t\t\t<\/div>\n\t\t<\/div>\n\t\t\t\t<div class=\"elementor-column elementor-col-50 elementor-top-column elementor-element elementor-element-e904ed6\" data-id=\"e904ed6\" data-element_type=\"column\">\n\t\t\t<div class=\"elementor-widget-wrap elementor-element-populated\">\n\t\t\t\t\t\t<div class=\"elementor-element elementor-element-9a878d7 elementor-widget elementor-widget-text-editor\" data-id=\"9a878d7\" data-element_type=\"widget\" data-widget_type=\"text-editor.default\">\n\t\t\t\t<div class=\"elementor-widget-container\">\n\t\t\t\t\t\t\t\t\t<audio class=\"wp-audio-shortcode\" id=\"audio-340-2\" preload=\"none\" style=\"width: 100%;\" controls=\"controls\"><source type=\"audio\/mpeg\" src=\"http:\/\/edinsbegravningsbyra.se\/wp-content\/uploads\/2026\/08\/Klipp-version-fields-of-gold.mp3?_=2\" \/><a href=\"http:\/\/edinsbegravningsbyra.se\/wp-content\/uploads\/2026\/08\/Klipp-version-fields-of-gold.mp3\">http:\/\/edinsbegravningsbyra.se\/wp-content\/uploads\/2026\/08\/Klipp-version-fields-of-gold.mp3<\/a><\/audio><p><span style=\"color: #3366ff;\"><strong>Solist f\u00f6r G\u00f6teborgsomr\u00e5det:<\/strong><\/span><\/p><p><span style=\"color: #000000;\">Joel Gustafsson \u00e4r musikl\u00e4rare och utbildad s\u00e5ngpedagog vid H\u00f6gskolan f\u00f6r scen och musik i G\u00f6teborg. Han \u00e4r en erfaren s\u00e5ngare som har sjungit vid m\u00e5nga begravningar och vill bidra med en varm och st\u00e4mningsfull s\u00e5ng.<\/span><\/p><p><span style=\"color: #000000;\">Joel har en bred musikalisk repertoar d\u00e4r vispop och soul ligger honom s\u00e4rskilt varmt om hj\u00e4rtat. Han spelar \u00e4ven gitarr och kan framf\u00f6ra s\u00e5nger med eget ackompanjemang.\u00a0<\/span><\/p>\t\t\t\t\t\t\t\t<\/div>\n\t\t\t\t<\/div>\n\t\t\t\t\t<\/div>\n\t\t<\/div>\n\t\t\t\t\t<\/div>\n\t\t<\/section>\n\t\t\t\t<section class=\"elementor-section elementor-top-section elementor-element elementor-element-a5be288 elementor-section-boxed elementor-section-height-default elementor-section-height-default\" data-id=\"a5be288\" data-element_type=\"section\">\n\t\t\t\t\t\t<div class=\"elementor-container elementor-column-gap-default\">\n\t\t\t\t\t<div class=\"elementor-column elementor-col-100 elementor-top-column elementor-element elementor-element-d925ba4\" data-id=\"d925ba4\" data-element_type=\"column\">\n\t\t\t<div class=\"elementor-widget-wrap elementor-element-populated\">\n\t\t\t\t\t\t<section class=\"elementor-section elementor-inner-section elementor-element elementor-element-c39275d elementor-section-boxed elementor-section-height-default elementor-section-height-default\" data-id=\"c39275d\" data-element_type=\"section\">\n\t\t\t\t\t\t<div class=\"elementor-container elementor-column-gap-default\">\n\t\t\t\t\t<div class=\"elementor-column elementor-col-50 elementor-inner-column elementor-element elementor-element-e6b7cbc\" data-id=\"e6b7cbc\" data-element_type=\"column\">\n\t\t\t<div class=\"elementor-widget-wrap elementor-element-populated\">\n\t\t\t\t\t\t<div class=\"elementor-element elementor-element-c355f77 elementor-widget elementor-widget-image\" data-id=\"c355f77\" data-element_type=\"widget\" data-widget_type=\"image.default\">\n\t\t\t\t<div class=\"elementor-widget-container\">\n\t\t\t\t\t\t\t\t\t\t\t\t<figure class=\"wp-caption\">\n\t\t\t\t\t\t\t\t\t\t<img decoding=\"async\" width=\"268\" height=\"300\" src=\"https:\/\/edinsbegravningsbyra.se\/wp-content\/uploads\/2026\/08\/Bild-Rebecka-268x300.png\" class=\"attachment-medium size-medium wp-image-4207\" alt=\"\" srcset=\"https:\/\/edinsbegravningsbyra.se\/wp-content\/uploads\/2026\/08\/Bild-Rebecka-268x300.png 268w, https:\/\/edinsbegravningsbyra.se\/wp-content\/uploads\/2026\/08\/Bild-Rebecka.png 528w\" sizes=\"(max-width: 268px) 100vw, 268px\" title=\"\">\t\t\t\t\t\t\t\t\t\t\t<figcaption class=\"widget-image-caption wp-caption-text\">Rebecka Palmgren Ashour<\/figcaption>\n\t\t\t\t\t\t\t\t\t\t<\/figure>\n\t\t\t\t\t\t\t\t\t<\/div>\n\t\t\t\t<\/div>\n\t\t\t\t\t<\/div>\n\t\t<\/div>\n\t\t\t\t<div class=\"elementor-column elementor-col-50 elementor-inner-column elementor-element elementor-element-b8d5ff9\" data-id=\"b8d5ff9\" data-element_type=\"column\">\n\t\t\t<div class=\"elementor-widget-wrap elementor-element-populated\">\n\t\t\t\t\t\t<div class=\"elementor-element elementor-element-3ce9c8a elementor-widget elementor-widget-text-editor\" data-id=\"3ce9c8a\" data-element_type=\"widget\" data-widget_type=\"text-editor.default\">\n\t\t\t\t<div class=\"elementor-widget-container\">\n\t\t\t\t\t\t\t\t\t<audio class=\"wp-audio-shortcode\" id=\"audio-340-3\" preload=\"none\" style=\"width: 100%;\" controls=\"controls\"><source type=\"audio\/mpeg\" src=\"http:\/\/edinsbegravningsbyra.se\/wp-content\/uploads\/2026\/08\/Klipp-version-I-den-stora-sorgens-famn.mp3?_=3\" \/><a href=\"http:\/\/edinsbegravningsbyra.se\/wp-content\/uploads\/2026\/08\/Klipp-version-I-den-stora-sorgens-famn.mp3\">http:\/\/edinsbegravningsbyra.se\/wp-content\/uploads\/2026\/08\/Klipp-version-I-den-stora-sorgens-famn.mp3<\/a><\/audio><p><span style=\"color: #3366ff;\"><strong>Solist f\u00f6r G\u00f6teborgsomr\u00e5det:<\/strong><\/span><\/p><p><span style=\"color: #000000;\">Jag heter Rebecka Palmgren Ashour och \u00e4r s\u00e5ngare, pianist och organist boende i G\u00f6teborg. Till vardags arbetar jag som kantor i Svenska kyrkan (S\u00e4r\u00f6 pastorat) men har ut\u00f6ver det medverkat som solist vid begravningar under de senaste 10 \u00e5ren. Jag sjunger och spelar med stor musikalisk bredd och trivs allra b\u00e4st med att sjunga pop, visa och jazz.\u00a0<\/span><span style=\"color: #000000; font-size: 1rem;\">Ofta har jag \u00e4ven gjort egna tolkningar av s\u00e5nger och jag har som m\u00e5l att alltid f\u00f6rs\u00f6ka tillgodose de anh\u00f6rigas \u00f6nskem\u00e5l.<\/span><\/p>\t\t\t\t\t\t\t\t<\/div>\n\t\t\t\t<\/div>\n\t\t\t\t\t<\/div>\n\t\t<\/div>\n\t\t\t\t\t<\/div>\n\t\t<\/section>\n\t\t\t\t\t<\/div>\n\t\t<\/div>\n\t\t\t\t\t<\/div>\n\t\t<\/section>\n\t\t\t\t<\/div>\n\t\t","protected":false},"excerpt":{"rendered":"<p>Musik och solister S\u00e5ng och musik \u00e4r ett spr\u00e5k i sig som kan framkalla minnen och k\u00e4nslor och ta vid d\u00e4r orden tar slut. De kan ocks\u00e5 bidra till att ge tr\u00f6st och \u00e4r d\u00e4rf\u00f6r viktiga i samband med en begravning. F\u00f6rutom inledande och avslutande musik, samt vid kyrklig begravning psalmer, f\u00f6rekommer ofta s\u00e5ng\u00a0och musik [&hellip;]<\/p>\n","protected":false},"author":1,"featured_media":0,"parent":0,"menu_order":0,"comment_status":"closed","ping_status":"closed","template":"elementor_header_footer","meta":{"footnotes":""},"class_list":["post-340","page","type-page","status-publish","hentry"],"_links":{"self":[{"href":"https:\/\/edinsbegravningsbyra.se\/index.php\/wp-json\/wp\/v2\/pages\/340","targetHints":{"allow":["GET"]}}],"collection":[{"href":"https:\/\/edinsbegravningsbyra.se\/index.php\/wp-json\/wp\/v2\/pages"}],"about":[{"href":"https:\/\/edinsbegravningsbyra.se\/index.php\/wp-json\/wp\/v2\/types\/page"}],"author":[{"embeddable":true,"href":"https:\/\/edinsbegravningsbyra.se\/index.php\/wp-json\/wp\/v2\/users\/1"}],"replies":[{"embeddable":true,"href":"https:\/\/edinsbegravningsbyra.se\/index.php\/wp-json\/wp\/v2\/comments?post=340"}],"version-history":[{"count":171,"href":"https:\/\/edinsbegravningsbyra.se\/index.php\/wp-json\/wp\/v2\/pages\/340\/revisions"}],"predecessor-version":[{"id":4355,"href":"https:\/\/edinsbegravningsbyra.se\/index.php\/wp-json\/wp\/v2\/pages\/340\/revisions\/4355"}],"wp:attachment":[{"href":"https:\/\/edinsbegravningsbyra.se\/index.php\/wp-json\/wp\/v2\/media?parent=340"}],"curies":[{"name":"wp","href":"https:\/\/api.w.org\/{rel}","templated":true}]}}